{"id":9,"date":"2016-07-27T12:45:39","date_gmt":"2016-07-27T12:45:39","guid":{"rendered":"http:\/\/kirmin.web.th-koeln.de\/?page_id=9"},"modified":"2024-06-27T14:17:18","modified_gmt":"2024-06-27T14:17:18","slug":"startseite","status":"publish","type":"page","link":"https:\/\/kirmin.web.th-koeln.de\/","title":{"rendered":"Startseite"},"content":{"rendered":"\n<div class=\"introduction\">\n<\/div>\n\n\n<div class=\"wp-block-image\">\n<figure class=\"aligncenter is-resized\"><a href=\"https:\/\/kirmin.web.th-koeln.de\/wp-content\/uploads\/2019\/05\/KIRMin-Wege-zu-einem-Mindestversorgungskonzept.pdf\" target=\"_blank\" rel=\"noreferrer noopener\"><img loading=\"lazy\" decoding=\"async\" width=\"724\" height=\"1024\" src=\"https:\/\/kirmin.web.th-koeln.de\/wp-content\/uploads\/2019\/04\/KIRMin-Wege-zu-einem-Mindestversorgungskonzept-1-724x1024.jpg\" alt=\"\" class=\"wp-image-840\" style=\"width:362px;height:512px\" srcset=\"https:\/\/kirmin.web.th-koeln.de\/wp-content\/uploads\/2019\/04\/KIRMin-Wege-zu-einem-Mindestversorgungskonzept-1-724x1024.jpg 724w, https:\/\/kirmin.web.th-koeln.de\/wp-content\/uploads\/2019\/04\/KIRMin-Wege-zu-einem-Mindestversorgungskonzept-1-212x300.jpg 212w, https:\/\/kirmin.web.th-koeln.de\/wp-content\/uploads\/2019\/04\/KIRMin-Wege-zu-einem-Mindestversorgungskonzept-1-768x1086.jpg 768w, https:\/\/kirmin.web.th-koeln.de\/wp-content\/uploads\/2019\/04\/KIRMin-Wege-zu-einem-Mindestversorgungskonzept-1-700x990.jpg 700w, https:\/\/kirmin.web.th-koeln.de\/wp-content\/uploads\/2019\/04\/KIRMin-Wege-zu-einem-Mindestversorgungskonzept-1-520x735.jpg 520w, https:\/\/kirmin.web.th-koeln.de\/wp-content\/uploads\/2019\/04\/KIRMin-Wege-zu-einem-Mindestversorgungskonzept-1-360x509.jpg 360w, https:\/\/kirmin.web.th-koeln.de\/wp-content\/uploads\/2019\/04\/KIRMin-Wege-zu-einem-Mindestversorgungskonzept-1-250x354.jpg 250w, https:\/\/kirmin.web.th-koeln.de\/wp-content\/uploads\/2019\/04\/KIRMin-Wege-zu-einem-Mindestversorgungskonzept-1-100x141.jpg 100w\" sizes=\"auto, (max-width: 724px) 100vw, 724px\" \/><\/a><figcaption class=\"wp-element-caption\"><a style=\"color: #607ea5;\" rel=\"noreferrer noopener\" href=\"https:\/\/kirmin.web.th-koeln.de\/wp-content\/uploads\/2019\/05\/KIRMin-Wege-zu-einem-Mindesversorgungskonzept.pdf\" target=\"_blank\">Wege zu einem Mindestversorgungskonzept (PDF \u2013 ca. 14 MB)<\/a> <\/figcaption><\/figure>\n<\/div>\n\n\n<p>Am 1. Juni 2016 begann am Institut f\u00fcr Rettungsingenieurwesen und Gefahrenabwehr (IRG) der TH K\u00f6ln ein neues Forschungsprojekt. Das dreij\u00e4hrige Projekt KIRMin \u2013 Kritische Infrastrukturen-Resilienz als Mindestversorgungskonzept wurde durch das BMBF gef\u00f6rdert und vom Projekttr\u00e4ger VDI betreut.<\/p>\n\n\n\n<p>Unter der Leitung des Teams des IRG erfolgte eine gemeinsame Zusammenarbeit mit dem Bundesamt f\u00fcr Bev\u00f6lkerungsschutz und Katastrophenhilfe, der Firma inter3, der Universit\u00e4t der Vereinten Nationen (UNU-EHS) und der Universit\u00e4t Stuttgart sowie einer Reihe assoziierter Partner, darunter das Institut f\u00fcr Notfallmedizin, Rheinenergie, RWE\/RWW, Stadt Kerpen und Rhein-Erft-Kreis und Stadtentw\u00e4sserungsbetriebe K\u00f6ln.<\/p>\n\n\n\n<p class=\"richtext\">Das interdisziplin\u00e4re Forschungsprojekt KIRMin untersuchte Abh\u00e4ngigkeiten zwischen essentiellen Grundversorgungsinfrastrukturen (sog. Kritischen Infrastrukturen) in Deutschland. Es lieferte Bausteine f\u00fcr Konzepte zur Mindestversorgung&nbsp; der Bev\u00f6lkerung w\u00e4hrend eines Stromausfalls und Erkenntnisse wie diese in den Risiko- und Krisenmanagementprozess von St\u00e4dten und Kommunen integriert werden k\u00f6nnen.<\/p>\n\n\n\n<p>Das Forschungsprojekt KIRMin  wurde unter dem F\u00f6rderkennzeichen 13N13989 vom Bundesministerium f\u00fcr Bildung und Forschung gef\u00f6rdert. Programm: Forschung f\u00fcr die zivile Sicherheit; Bekanntmachung: \u00bbZivile Sicherheit \u2013 Erh\u00f6hung der Resilienz im Krisen- und Katastrophenfall\u00ab.<\/p>\n\n\n\n<div class=\"wp-block-columns has-2-columns is-layout-flex wp-container-core-columns-is-layout-9d6595d7 wp-block-columns-is-layout-flex\">\n<div class=\"wp-block-column is-layout-flow wp-block-column-is-layout-flow\">\n<figure class=\"wp-block-image\"><img loading=\"lazy\" decoding=\"async\" width=\"1024\" height=\"469\" src=\"https:\/\/kirmin.web.th-koeln.de\/wp-content\/uploads\/2018\/07\/KIRMinLogo_DE-1024x469.jpeg\" alt=\"\" class=\"wp-image-451\" srcset=\"https:\/\/kirmin.web.th-koeln.de\/wp-content\/uploads\/2018\/07\/KIRMinLogo_DE-1024x469.jpeg 1024w, https:\/\/kirmin.web.th-koeln.de\/wp-content\/uploads\/2018\/07\/KIRMinLogo_DE-300x138.jpeg 300w, https:\/\/kirmin.web.th-koeln.de\/wp-content\/uploads\/2018\/07\/KIRMinLogo_DE-768x352.jpeg 768w, https:\/\/kirmin.web.th-koeln.de\/wp-content\/uploads\/2018\/07\/KIRMinLogo_DE.jpeg 1069w\" sizes=\"auto, (max-width: 1024px) 100vw, 1024px\" \/><figcaption class=\"wp-element-caption\"> KIRMin Logo <\/figcaption><\/figure>\n<\/div>\n\n\n\n<div class=\"wp-block-column is-layout-flow wp-block-column-is-layout-flow\">\n<figure class=\"wp-block-image\"><img loading=\"lazy\" decoding=\"async\" width=\"945\" height=\"650\" src=\"https:\/\/kirmin.web.th-koeln.de\/wp-content\/uploads\/2019\/02\/BMBF_gef\u00f6rdert-vom_deutsch_C3.jpg\" alt=\"\" class=\"wp-image-776\" srcset=\"https:\/\/kirmin.web.th-koeln.de\/wp-content\/uploads\/2019\/02\/BMBF_gef\u00f6rdert-vom_deutsch_C3.jpg 945w, https:\/\/kirmin.web.th-koeln.de\/wp-content\/uploads\/2019\/02\/BMBF_gef\u00f6rdert-vom_deutsch_C3-300x206.jpg 300w, https:\/\/kirmin.web.th-koeln.de\/wp-content\/uploads\/2019\/02\/BMBF_gef\u00f6rdert-vom_deutsch_C3-768x528.jpg 768w, https:\/\/kirmin.web.th-koeln.de\/wp-content\/uploads\/2019\/02\/BMBF_gef\u00f6rdert-vom_deutsch_C3-700x481.jpg 700w, https:\/\/kirmin.web.th-koeln.de\/wp-content\/uploads\/2019\/02\/BMBF_gef\u00f6rdert-vom_deutsch_C3-520x358.jpg 520w, https:\/\/kirmin.web.th-koeln.de\/wp-content\/uploads\/2019\/02\/BMBF_gef\u00f6rdert-vom_deutsch_C3-360x248.jpg 360w, https:\/\/kirmin.web.th-koeln.de\/wp-content\/uploads\/2019\/02\/BMBF_gef\u00f6rdert-vom_deutsch_C3-250x172.jpg 250w, https:\/\/kirmin.web.th-koeln.de\/wp-content\/uploads\/2019\/02\/BMBF_gef\u00f6rdert-vom_deutsch_C3-100x69.jpg 100w\" sizes=\"auto, (max-width: 945px) 100vw, 945px\" \/><\/figure>\n<\/div>\n<\/div>\n\n\n\n<div class=\"wp-block-columns has-2-columns is-layout-flex wp-container-core-columns-is-layout-9d6595d7 wp-block-columns-is-layout-flex\">\n<div class=\"wp-block-column is-layout-flow wp-block-column-is-layout-flow\">\n<figure class=\"wp-block-image\"><a href=\"http:\/\/www.sifo.de\" target=\"_blank\" rel=\"noreferrer noopener\"><img loading=\"lazy\" decoding=\"async\" width=\"241\" height=\"59\" src=\"https:\/\/kirmin.web.th-koeln.de\/wp-content\/uploads\/2019\/04\/SIFO_ohne_www_BLAU_cmyk_C3.jpg\" alt=\"\" class=\"wp-image-815\" srcset=\"https:\/\/kirmin.web.th-koeln.de\/wp-content\/uploads\/2019\/04\/SIFO_ohne_www_BLAU_cmyk_C3.jpg 241w, https:\/\/kirmin.web.th-koeln.de\/wp-content\/uploads\/2019\/04\/SIFO_ohne_www_BLAU_cmyk_C3-100x24.jpg 100w\" sizes=\"auto, (max-width: 241px) 100vw, 241px\" \/><\/a><\/figure>\n\n\n\n<p><\/p>\n<\/div>\n\n\n\n<div class=\"wp-block-column is-layout-flow wp-block-column-is-layout-flow\"><div class=\"wp-block-image\">\n<figure class=\"alignleft is-resized\"><img loading=\"lazy\" decoding=\"async\" width=\"474\" height=\"474\" src=\"https:\/\/kirmin.web.th-koeln.de\/wp-content\/uploads\/2016\/07\/vdi.png\" alt=\"\" class=\"wp-image-50\" style=\"width:150px;height:150px\" srcset=\"https:\/\/kirmin.web.th-koeln.de\/wp-content\/uploads\/2016\/07\/vdi.png 474w, https:\/\/kirmin.web.th-koeln.de\/wp-content\/uploads\/2016\/07\/vdi-150x150.png 150w, https:\/\/kirmin.web.th-koeln.de\/wp-content\/uploads\/2016\/07\/vdi-300x300.png 300w\" sizes=\"auto, (max-width: 474px) 100vw, 474px\" \/><\/figure>\n<\/div>\n\n\n<p><\/p>\n<\/div>\n<\/div>\n","protected":false},"excerpt":{"rendered":"<p>Am 1. Juni 2016 begann am Institut f\u00fcr Rettungsingenieurwesen und Gefahrenabwehr (IRG) der TH K\u00f6ln ein neues Forschungsprojekt. Das dreij\u00e4hrige Projekt KIRMin \u2013 Kritische Infrastrukturen-Resilienz als Mindestversorgungskonzept wurde durch das BMBF gef\u00f6rdert und vom Projekttr\u00e4ger VDI betreut. Unter der Leitung [&hellip;]<\/p>\n","protected":false},"author":1,"featured_media":0,"parent":0,"menu_order":0,"comment_status":"closed","ping_status":"closed","template":"","meta":{"footnotes":""},"class_list":["post-9","page","type-page","status-publish","hentry","clearfix"],"_links":{"self":[{"href":"https:\/\/kirmin.web.th-koeln.de\/index.php?rest_route=\/wp\/v2\/pages\/9","targetHints":{"allow":["GET"]}}],"collection":[{"href":"https:\/\/kirmin.web.th-koeln.de\/index.php?rest_route=\/wp\/v2\/pages"}],"about":[{"href":"https:\/\/kirmin.web.th-koeln.de\/index.php?rest_route=\/wp\/v2\/types\/page"}],"author":[{"embeddable":true,"href":"https:\/\/kirmin.web.th-koeln.de\/index.php?rest_route=\/wp\/v2\/users\/1"}],"replies":[{"embeddable":true,"href":"https:\/\/kirmin.web.th-koeln.de\/index.php?rest_route=%2Fwp%2Fv2%2Fcomments&post=9"}],"version-history":[{"count":42,"href":"https:\/\/kirmin.web.th-koeln.de\/index.php?rest_route=\/wp\/v2\/pages\/9\/revisions"}],"predecessor-version":[{"id":1139,"href":"https:\/\/kirmin.web.th-koeln.de\/index.php?rest_route=\/wp\/v2\/pages\/9\/revisions\/1139"}],"wp:attachment":[{"href":"https:\/\/kirmin.web.th-koeln.de\/index.php?rest_route=%2Fwp%2Fv2%2Fmedia&parent=9"}],"curies":[{"name":"wp","href":"https:\/\/api.w.org\/{rel}","templated":true}]}}